{"id":476,"date":"2022-10-11T18:00:00","date_gmt":"2022-10-11T16:00:00","guid":{"rendered":"https:\/\/mystere-histoire.fr\/?page_id=476"},"modified":"2025-11-07T14:15:53","modified_gmt":"2025-11-07T13:15:53","slug":"roubichoux-et-les-protochretiens","status":"publish","type":"page","link":"https:\/\/mystere-histoire.fr\/?page_id=476","title":{"rendered":"Roubichoux et les protochr\u00e9tiens"},"content":{"rendered":"\n<p>Le 27 avril 2003, un article anodin parut dans la presse locale. Peu de lecteurs y pr\u00eat\u00e8rent attention.<br>Et pourtant, derri\u00e8re ces quelques colonnes modestes, se cachait peut-\u00eatre l\u2019une des <strong>plus \u00e9tonnantes d\u00e9couvertes arch\u00e9ologiques du sud de la France<\/strong>, une d\u00e9couverte susceptible de bouleverser notre compr\u00e9hension des origines du christianisme en Gaule.<\/p>\n\n\n\n<p>L\u2019affaire commence dans un lieu discret et charg\u00e9 d\u2019histoire : <strong>le hameau de Roubichoux<\/strong>, d\u00e9pendant du village de <strong>Sonnac-sur-l\u2019Hers<\/strong>, au c\u0153ur du d\u00e9partement de l\u2019Aude \u2014 une terre d\u00e9j\u00e0 riche en myst\u00e8res, \u00e0 quelques kilom\u00e8tres seulement de <strong><a href=\"https:\/\/mystere-histoire.fr\/?page_id=1068\">Rennes-le-Ch\u00e2teau<\/a><\/strong>.<\/p>\n\n\n\n<hr class=\"wp-block-separator has-alpha-channel-opacity\"\/>\n\n\n\n<p><strong>Un r\u00eave d\u2019histoire et de pierre<\/strong><\/p>\n\n\n\n<p>Tout d\u00e9bute une dizaine d\u2019ann\u00e9es auparavant, lorsqu\u2019un habitant du hameau, <strong>Jean-Luc B\u00e9net<\/strong>, anim\u00e9 d\u2019une passion sinc\u00e8re pour le patrimoine et les vieilles pierres, d\u00e9cide de sauver de l\u2019oubli une chapelle en ruines, envahie par la v\u00e9g\u00e9tation.<\/p>\n\n\n\n<p>Cette chapelle, d\u00e9di\u00e9e \u00e0 <strong>Saint-Andr\u00e9<\/strong>, fut \u00e9difi\u00e9e aux alentours de <strong>1115<\/strong>, sur un site dont les origines, nous allons le voir, semblent bien ant\u00e9rieures \u00e0 l\u2019\u00e9poque m\u00e9di\u00e9vale.<\/p>\n\n\n\n<p>Jean-Luc B\u00e9net fonde alors une association, <strong>Les Compagnons de Roubichoux<\/strong>, et r\u00e9unit autour de lui une poign\u00e9e de b\u00e9n\u00e9voles enthousiastes. Pendant pr\u00e8s de <strong>dix ans<\/strong>, ces amoureux d\u2019histoire et de foi consacrent leurs week-ends et leurs soir\u00e9es \u00e0 <strong>redresser les murs \u00e9croul\u00e9s<\/strong>, <strong>reconstruire la toiture<\/strong>, <strong>restaurer les autels<\/strong> et <strong>redonner vie \u00e0 l\u2019esprit du lieu<\/strong>.<\/p>\n\n\n\n<p>Et finalement, apr\u00e8s une d\u00e9cennie d\u2019efforts, la chapelle Saint-Andr\u00e9 rena\u00eet de ses cendres, resplendissante au c\u0153ur du hameau, humble t\u00e9moin de l\u2019histoire spirituelle du pays cathare.<\/p>\n\n\n<div class=\"wp-block-image\">\n<figure class=\"aligncenter size-large is-resized\"><img loading=\"lazy\" decoding=\"async\" width=\"1024\" height=\"683\" src=\"https:\/\/mystere-histoire.fr\/wp-content\/uploads\/2025\/11\/DSC7149-1024x683.jpg\" alt=\"\" class=\"wp-image-1149\" style=\"width:479px;height:auto\" srcset=\"https:\/\/mystere-histoire.fr\/wp-content\/uploads\/2025\/11\/DSC7149-1024x683.jpg 1024w, https:\/\/mystere-histoire.fr\/wp-content\/uploads\/2025\/11\/DSC7149-300x200.jpg 300w, https:\/\/mystere-histoire.fr\/wp-content\/uploads\/2025\/11\/DSC7149-768x512.jpg 768w, https:\/\/mystere-histoire.fr\/wp-content\/uploads\/2025\/11\/DSC7149-1536x1024.jpg 1536w, https:\/\/mystere-histoire.fr\/wp-content\/uploads\/2025\/11\/DSC7149-2048x1365.jpg 2048w, https:\/\/mystere-histoire.fr\/wp-content\/uploads\/2025\/11\/DSC7149-405x270.jpg 405w, https:\/\/mystere-histoire.fr\/wp-content\/uploads\/2025\/11\/DSC7149-600x400.jpg 600w, https:\/\/mystere-histoire.fr\/wp-content\/uploads\/2025\/11\/DSC7149-90x60.jpg 90w, https:\/\/mystere-histoire.fr\/wp-content\/uploads\/2025\/11\/DSC7149-135x90.jpg 135w\" sizes=\"auto, (max-width: 1024px) 100vw, 1024px\" \/><figcaption class=\"wp-element-caption\"><em><strong>La chapelle Saint-Andr\u00e9 de Roubichoux<\/strong><\/em><\/figcaption><\/figure>\n<\/div>\n\n\n<hr class=\"wp-block-separator has-alpha-channel-opacity\"\/>\n\n\n\n<p><strong>Une d\u00e9couverte inattendue<\/strong><\/p>\n\n\n\n<p>Alors que les derniers \u00e9chafaudages sont d\u00e9mont\u00e9s et les outils rang\u00e9s, Jean-Luc B\u00e9net et l\u2019un de ses compagnons, <strong>Antoine<\/strong>, remarquent deux pierres enfonc\u00e9es dans le sol, dissimul\u00e9es sous un pan de chantier. Intrigu\u00e9s, ils d\u00e9cident de les d\u00e9gager.<\/p>\n\n\n\n<p>Sous la poussi\u00e8re et la mousse, apparaissent des <strong>gravures d\u2019une surprenante beaut\u00e9<\/strong> :<br>des parall\u00e9l\u00e9pip\u00e8des d\u00e9cor\u00e9s de cercles, des <strong>symboles \u00e9tranges<\/strong>, des <strong>figures humaines stylis\u00e9es<\/strong>, des <strong>mains ouvertes<\/strong>, des <strong>serpents<\/strong>&#8230; autant de motifs archa\u00efques, manifestement tr\u00e8s anciens, qui ne semblent appartenir ni \u00e0 l\u2019art roman, ni \u00e0 l\u2019iconographie chr\u00e9tienne traditionnelle.<\/p>\n\n\n<div class=\"wp-block-image\">\n<figure class=\"aligncenter size-large is-resized\"><img loading=\"lazy\" decoding=\"async\" width=\"1024\" height=\"683\" src=\"https:\/\/mystere-histoire.fr\/wp-content\/uploads\/2025\/11\/DSC7052-1024x683.jpg\" alt=\"\" class=\"wp-image-1150\" style=\"width:490px;height:auto\" srcset=\"https:\/\/mystere-histoire.fr\/wp-content\/uploads\/2025\/11\/DSC7052-1024x683.jpg 1024w, https:\/\/mystere-histoire.fr\/wp-content\/uploads\/2025\/11\/DSC7052-300x200.jpg 300w, https:\/\/mystere-histoire.fr\/wp-content\/uploads\/2025\/11\/DSC7052-768x512.jpg 768w, https:\/\/mystere-histoire.fr\/wp-content\/uploads\/2025\/11\/DSC7052-1536x1024.jpg 1536w, https:\/\/mystere-histoire.fr\/wp-content\/uploads\/2025\/11\/DSC7052-2048x1365.jpg 2048w, https:\/\/mystere-histoire.fr\/wp-content\/uploads\/2025\/11\/DSC7052-405x270.jpg 405w, https:\/\/mystere-histoire.fr\/wp-content\/uploads\/2025\/11\/DSC7052-600x400.jpg 600w, https:\/\/mystere-histoire.fr\/wp-content\/uploads\/2025\/11\/DSC7052-90x60.jpg 90w, https:\/\/mystere-histoire.fr\/wp-content\/uploads\/2025\/11\/DSC7052-135x90.jpg 135w\" sizes=\"auto, (max-width: 1024px) 100vw, 1024px\" \/><figcaption class=\"wp-element-caption\"><em><strong>Les pierres de Roubichoux<\/strong><\/em><\/figcaption><\/figure>\n<\/div>\n\n\n<p>Mais la v\u00e9ritable \u00e9nigme surgit lorsqu\u2019ils distinguent, au milieu des dessins, <strong>des inscriptions grav\u00e9es dans une langue inconnue<\/strong>. Des lettres aux formes sinueuses qui \u00e9chappent \u00e0 toute lecture imm\u00e9diate.<\/p>\n\n\n\n<hr class=\"wp-block-separator has-alpha-channel-opacity\"\/>\n\n\n\n<p><strong>Des signes venus d\u2019un autre temps<\/strong><\/p>\n\n\n\n<p>Les Compagnons de Roubichoux font alors appel \u00e0 plusieurs \u00e9rudits et sp\u00e9cialistes.<br>Parmi eux, <strong>Jacques Touchet<\/strong>, historien et chercheur reconnu pour ses travaux sur les premiers si\u00e8cles du christianisme, se rend sur place. Apr\u00e8s examen, il \u00e9met un diagnostic sans appel :<\/p>\n\n\n\n<blockquote class=\"wp-block-quote is-layout-flow wp-block-quote-is-layout-flow\">\n<p>\u00ab Ces inscriptions sont r\u00e9dig\u00e9es en <strong>aram\u00e9en<\/strong> ou en <strong>copte ancien<\/strong>. \u00bb<\/p>\n<\/blockquote>\n\n\n<div class=\"wp-block-image\">\n<figure class=\"aligncenter size-large is-resized\"><img loading=\"lazy\" decoding=\"async\" width=\"1024\" height=\"683\" src=\"https:\/\/mystere-histoire.fr\/wp-content\/uploads\/2025\/11\/DSC7039-1024x683.jpg\" alt=\"\" class=\"wp-image-1151\" style=\"width:536px;height:auto\" srcset=\"https:\/\/mystere-histoire.fr\/wp-content\/uploads\/2025\/11\/DSC7039-1024x683.jpg 1024w, https:\/\/mystere-histoire.fr\/wp-content\/uploads\/2025\/11\/DSC7039-300x200.jpg 300w, https:\/\/mystere-histoire.fr\/wp-content\/uploads\/2025\/11\/DSC7039-768x512.jpg 768w, https:\/\/mystere-histoire.fr\/wp-content\/uploads\/2025\/11\/DSC7039-1536x1024.jpg 1536w, https:\/\/mystere-histoire.fr\/wp-content\/uploads\/2025\/11\/DSC7039-2048x1365.jpg 2048w, https:\/\/mystere-histoire.fr\/wp-content\/uploads\/2025\/11\/DSC7039-405x270.jpg 405w, https:\/\/mystere-histoire.fr\/wp-content\/uploads\/2025\/11\/DSC7039-600x400.jpg 600w, https:\/\/mystere-histoire.fr\/wp-content\/uploads\/2025\/11\/DSC7039-90x60.jpg 90w, https:\/\/mystere-histoire.fr\/wp-content\/uploads\/2025\/11\/DSC7039-135x90.jpg 135w\" sizes=\"auto, (max-width: 1024px) 100vw, 1024px\" \/><figcaption class=\"wp-element-caption\"><strong><em>Symboles anciens sur la pierre de Roubichoux<\/em><\/strong><\/figcaption><\/figure>\n<\/div>\n\n\n<p>Autrement dit, il s\u2019agit l\u00e0 d\u2019\u00e9critures <strong>utilis\u00e9es dans les tout premiers temps du christianisme<\/strong>, au sein de communaut\u00e9s issues du juda\u00efsme primitif.<br>Ces pierres, enfouies sous la chapelle m\u00e9di\u00e9vale, pourraient donc avoir appartenu \u00e0 un lieu de culte ant\u00e9rieur \u2014 voire \u00e0 une <strong>synagogue transform\u00e9e plus tard en chapelle chr\u00e9tienne<\/strong>.<\/p>\n\n\n\n<hr class=\"wp-block-separator has-alpha-channel-opacity\"\/>\n\n\n\n<p><strong>Des protochr\u00e9tiens dans l\u2019Aude ?<\/strong><\/p>\n\n\n\n<p>La d\u00e9couverte ouvre un champ vertigineux d\u2019hypoth\u00e8ses.<br>Et si, bien avant l\u2019\u00e9dification de la chapelle Saint-Andr\u00e9, un groupe de croyants \u2014 <strong>des juifs convertis aux enseignements du Christ<\/strong>, autrement dit des <strong>protochr\u00e9tiens<\/strong> \u2014 s\u2019\u00e9tait \u00e9tabli dans cette vall\u00e9e isol\u00e9e ?<\/p>\n\n\n\n<p>Ces premiers disciples auraient pu fuir la r\u00e9pression qui s\u2019abattit sur les communaut\u00e9s jud\u00e9o-chr\u00e9tiennes de <strong>Palestine, de Jud\u00e9e ou de Galil\u00e9e<\/strong> apr\u00e8s la destruction du Temple de J\u00e9rusalem (an 70).<br>Cherchant un refuge lointain, ils auraient trouv\u00e9 en Gaule m\u00e9ridionale un havre de paix.<\/p>\n\n\n\n<p>L\u2019hypoth\u00e8se rejoint la <strong>tradition proven\u00e7ale<\/strong> selon laquelle <strong>Marie-Madeleine<\/strong>, <strong>Lazare<\/strong>, <strong>Marthe<\/strong>, <strong>Joseph d\u2019Arimathie<\/strong> et leurs compagnons auraient abord\u00e9 les c\u00f4tes de la Camargue, apportant avec eux la parole du Christ.<\/p>\n\n\n<div class=\"wp-block-image\">\n<figure class=\"aligncenter size-full is-resized\"><img loading=\"lazy\" decoding=\"async\" width=\"450\" height=\"613\" src=\"http:\/\/mystere-histoire.fr\/wp-content\/uploads\/2023\/08\/MM.jpg\" alt=\"\" class=\"wp-image-529\" style=\"width:366px;height:auto\" srcset=\"https:\/\/mystere-histoire.fr\/wp-content\/uploads\/2023\/08\/MM.jpg 450w, https:\/\/mystere-histoire.fr\/wp-content\/uploads\/2023\/08\/MM-220x300.jpg 220w, https:\/\/mystere-histoire.fr\/wp-content\/uploads\/2023\/08\/MM-198x270.jpg 198w, https:\/\/mystere-histoire.fr\/wp-content\/uploads\/2023\/08\/MM-300x409.jpg 300w, https:\/\/mystere-histoire.fr\/wp-content\/uploads\/2023\/08\/MM-44x60.jpg 44w, https:\/\/mystere-histoire.fr\/wp-content\/uploads\/2023\/08\/MM-66x90.jpg 66w\" sizes=\"auto, (max-width: 450px) 100vw, 450px\" \/><figcaption class=\"wp-element-caption\"><strong><em>Marie-Madeleine<\/em><\/strong><\/figcaption><\/figure>\n<\/div>\n\n\n<p>Et si certains de ces disciples avaient poursuivi leur route vers l\u2019ouest, jusqu\u2019aux contreforts de la Montagne Noire ?<\/p>\n\n\n\n<hr class=\"wp-block-separator has-alpha-channel-opacity\"\/>\n\n\n\n<p><strong>Une r\u00e9gion sous haute vibration spirituelle<\/strong><\/p>\n\n\n\n<p>Roubichoux se trouve \u00e0 <strong>moins de 20 kilom\u00e8tres<\/strong> \u00e0 vol d&#8217;oiseau de <strong><a href=\"https:\/\/mystere-histoire.fr\/?page_id=1068\">Rennes-le-Ch\u00e2teau<\/a><\/strong>, autre haut lieu du myst\u00e8re et de la foi cach\u00e9e.<br>Ce rapprochement g\u00e9ographique ne saurait \u00eatre fortuit.<\/p>\n\n\n\n<p>Comme je le souligne , le fameux cur\u00e9 <strong>B\u00e9renger Sauni\u00e8re<\/strong> aurait lui aussi mis la main sur des <strong>\u00e9crits tr\u00e8s anciens<\/strong>, peut-\u00eatre issus de traditions gnostiques ou protochr\u00e9tiennes.<br>Ces textes, qui pr\u00e9sentaient un visage diff\u00e9rent du christianisme primitif \u2014 plus \u00e9sot\u00e9rique, plus symbolique, plus int\u00e9rieur \u2014 auraient pu provenir des m\u00eames sources que celles de Roubichoux.<\/p>\n\n\n<div class=\"wp-block-image\">\n<figure class=\"aligncenter size-large is-resized\"><img loading=\"lazy\" decoding=\"async\" width=\"1024\" height=\"683\" src=\"http:\/\/mystere-histoire.fr\/wp-content\/uploads\/2025\/11\/BS-devant-un-tresor-1024x683.png\" alt=\"\" class=\"wp-image-1071\" style=\"width:465px;height:auto\" srcset=\"https:\/\/mystere-histoire.fr\/wp-content\/uploads\/2025\/11\/BS-devant-un-tresor-1024x683.png 1024w, https:\/\/mystere-histoire.fr\/wp-content\/uploads\/2025\/11\/BS-devant-un-tresor-300x200.png 300w, https:\/\/mystere-histoire.fr\/wp-content\/uploads\/2025\/11\/BS-devant-un-tresor-768x512.png 768w, https:\/\/mystere-histoire.fr\/wp-content\/uploads\/2025\/11\/BS-devant-un-tresor-405x270.png 405w, https:\/\/mystere-histoire.fr\/wp-content\/uploads\/2025\/11\/BS-devant-un-tresor-600x400.png 600w, https:\/\/mystere-histoire.fr\/wp-content\/uploads\/2025\/11\/BS-devant-un-tresor-90x60.png 90w, https:\/\/mystere-histoire.fr\/wp-content\/uploads\/2025\/11\/BS-devant-un-tresor-135x90.png 135w, https:\/\/mystere-histoire.fr\/wp-content\/uploads\/2025\/11\/BS-devant-un-tresor.png 1536w\" sizes=\"auto, (max-width: 1024px) 100vw, 1024px\" \/><figcaption class=\"wp-element-caption\"><strong><em>Qu&#8217;\u00e0 d\u00e9couvert B\u00e9renger Sauni\u00e8re, <\/em><\/strong><br><strong><em>cur\u00e9 de Rennes-Le-Ch\u00e2teau<\/em><\/strong><\/figcaption><\/figure>\n<\/div>\n\n\n<p>Et si le secret de Rennes-le-Ch\u00e2teau et celui de Roubichoux n\u2019\u00e9taient que <strong>les deux fragments d\u2019un m\u00eame h\u00e9ritage spirituel<\/strong>, transmis \u00e0 travers les si\u00e8cles par des initi\u00e9s silencieux ?<\/p>\n\n\n\n<hr class=\"wp-block-separator has-alpha-channel-opacity\"\/>\n\n\n\n<p><strong>Entre arch\u00e9ologie et spiritualit\u00e9<\/strong><\/p>\n\n\n\n<p>Aujourd\u2019hui encore, la d\u00e9couverte des <strong>pierres grav\u00e9es de Roubichoux<\/strong> fascine chercheurs et amateurs d\u2019arch\u00e9ologie sacr\u00e9e.<br>Certains y voient une <strong>preuve tangible de la pr\u00e9sence de communaut\u00e9s chr\u00e9tiennes <\/strong>, d\u2019autres une <strong>trace gnostique<\/strong> li\u00e9e \u00e0 l\u2019enseignement cach\u00e9 de <a href=\"https:\/\/mystere-histoire.fr\/?page_id=669\">J\u00e9sus<\/a>.<\/p>\n\n\n\n<p>Mais quelle que soit la lecture qu\u2019on en fasse, le message de ces pierres traverse le temps : il parle d\u2019une <strong>foi pure et originelle<\/strong>, d\u2019une <strong>rencontre entre le juda\u00efsme et le christianisme naissant<\/strong>, et d\u2019un <strong>pont myst\u00e9rieux entre l\u2019Orient et l\u2019Occident<\/strong>.<\/p>\n\n\n\n<hr class=\"wp-block-separator has-alpha-channel-opacity\"\/>\n\n\n\n<p><strong>Une chapelle, une m\u00e9moire, un signe<\/strong><\/p>\n\n\n\n<p>Gr\u00e2ce \u00e0 l\u2019\u0153uvre patiente des <strong>Compagnons de Roubichoux<\/strong>, la <strong>chapelle Saint-Andr\u00e9<\/strong> s\u2019\u00e9l\u00e8ve de nouveau, comme une sentinelle silencieuse de l\u2019histoire spirituelle du Languedoc.<br>Sous ses fondations, le sol garde encore les traces d\u2019un pass\u00e9 plus ancien que nos chroniques.<\/p>\n\n\n\n<p>Et peut-\u00eatre, dans ces pierres grav\u00e9es, se trouve la cl\u00e9 d\u2019une histoire oubli\u00e9e : celle des <strong>premiers croyants venus d\u2019Orient<\/strong>, porteurs d\u2019une lumi\u00e8re ant\u00e9rieure aux dogmes, d\u2019un message universel que le temps n\u2019a pas effac\u00e9.<\/p>\n\n\n\n<p>Retrouvez la <strong>vid\u00e9o de<\/strong> l\u2019<strong>interview de Jean-Luc B\u00e9net<\/strong>, ex-pr\u00e9sident des <em>Compagnons de Roubichoux<\/em>, sur la cha\u00eene <em>Les Myst\u00e8res de l\u2019Histoire<\/em>.<\/p>\n\n\n<div class=\"wp-block-image is-style-default\">\n<figure class=\"aligncenter size-full\"><a href=\"https:\/\/youtu.be\/rRQhT2LLJTk\"><img loading=\"lazy\" decoding=\"async\" width=\"255\" height=\"143\" src=\"http:\/\/mystere-histoire.fr\/wp-content\/uploads\/2022\/10\/Vignette19.jpg\" alt=\"Retrouvez la vid\u00e9o de Jean-Patrick Pourtal et l'interview de Jean-Luc B\u00e9net sur la chaine YouTube &quot;Les Myst\u00e8res de L'Hisoire&quot;\" class=\"wp-image-501\"\/><\/a><figcaption class=\"wp-element-caption\"><a href=\"https:\/\/youtu.be\/rRQhT2LLJTk\" target=\"_blank\" rel=\"noreferrer noopener\">Retrouvez l&#8217;interview de Jean-Luc B\u00e9net sur la cha\u00eene YouTube &#8220;<strong><em>Les Myst\u00e8re de l&#8217;Histoire<\/em><\/strong>&#8220;<\/a><\/figcaption><\/figure>\n<\/div>\n\n<div class=\"wp-block-image\">\n<figure class=\"aligncenter size-large is-resized\"><a href=\"https:\/\/mystere-histoire.fr\/?page_id=600\"><img loading=\"lazy\" decoding=\"async\" width=\"1024\" height=\"683\" src=\"http:\/\/mystere-histoire.fr\/wp-content\/uploads\/2025\/11\/Ret-MF-1024x683.png\" alt=\"\" class=\"wp-image-1205\" style=\"width:136px\" srcset=\"https:\/\/mystere-histoire.fr\/wp-content\/uploads\/2025\/11\/Ret-MF-1024x683.png 1024w, https:\/\/mystere-histoire.fr\/wp-content\/uploads\/2025\/11\/Ret-MF-300x200.png 300w, https:\/\/mystere-histoire.fr\/wp-content\/uploads\/2025\/11\/Ret-MF-768x512.png 768w, https:\/\/mystere-histoire.fr\/wp-content\/uploads\/2025\/11\/Ret-MF-405x270.png 405w, https:\/\/mystere-histoire.fr\/wp-content\/uploads\/2025\/11\/Ret-MF-600x400.png 600w, https:\/\/mystere-histoire.fr\/wp-content\/uploads\/2025\/11\/Ret-MF-90x60.png 90w, https:\/\/mystere-histoire.fr\/wp-content\/uploads\/2025\/11\/Ret-MF-135x90.png 135w, https:\/\/mystere-histoire.fr\/wp-content\/uploads\/2025\/11\/Ret-MF.png 1536w\" sizes=\"auto, (max-width: 1024px) 100vw, 1024px\" \/><\/a><\/figure>\n<\/div>\n\n\n<p><\/p>\n","protected":false},"excerpt":{"rendered":"<p>Le 27 avril 2003, un article anodin parut dans la presse locale. Peu de lecteurs y pr\u00eat\u00e8rent attention.Et pourtant, derri\u00e8re ces quelques colonnes modestes, se cachait peut-\u00eatre l\u2019une des plus \u00e9tonnantes d\u00e9couvertes arch\u00e9ologiques du sud de la France, une d\u00e9couverte susceptible de bouleverser notre compr\u00e9hension des origines du christianisme en Gaule. L\u2019affaire commence dans un lieu discret et charg\u00e9 d\u2019histoire : le hameau de Roubichoux, d\u00e9pendant du village de Sonnac-sur-l\u2019Hers, au c\u0153ur du d\u00e9partement de l\u2019Aude \u2014 une terre d\u00e9j\u00e0&#8230;<\/p>\n<p class=\"read-more\"><a class=\"btn btn-default\" href=\"https:\/\/mystere-histoire.fr\/?page_id=476\">Lire la suite<span class=\"screen-reader-text\"> Lire la suite<\/span><\/a><\/p>\n","protected":false},"author":1,"featured_media":0,"parent":600,"menu_order":0,"comment_status":"open","ping_status":"closed","template":"","meta":{"jetpack_post_was_ever_published":false,"footnotes":""},"class_list":["post-476","page","type-page","status-publish","hentry"],"yoast_head":"<!-- This site is optimized with the Yoast SEO plugin v24.9 - https:\/\/yoast.com\/wordpress\/plugins\/seo\/ -->\n<title>Roubichoux et les protochr\u00e9tiens - Les Myst\u00e8res de l&#039;Histoire<\/title>\n<meta name=\"description\" content=\"Roubichoux Protochr\u00e9tiens Chapelle Saint-Andr\u00e9 Roubichoux D\u00e9couverte arch\u00e9ologique Aude \u00c9critures aram\u00e9ennes Christianisme primitif Premiers chr\u00e9tiens en Gaule Myst\u00e8res du christianisme Arch\u00e9ologie spirituelle Rennes-le-Ch\u00e2teau\" \/>\n<meta name=\"robots\" content=\"index, follow, max-snippet:-1, max-image-preview:large, max-video-preview:-1\" \/>\n<link rel=\"canonical\" href=\"https:\/\/mystere-histoire.fr\/?page_id=476\" \/>\n<meta property=\"og:locale\" content=\"fr_FR\" \/>\n<meta property=\"og:type\" content=\"article\" \/>\n<meta property=\"og:title\" content=\"Roubichoux et les protochr\u00e9tiens - Les Myst\u00e8res de l&#039;Histoire\" \/>\n<meta property=\"og:description\" content=\"Roubichoux Protochr\u00e9tiens Chapelle Saint-Andr\u00e9 Roubichoux D\u00e9couverte arch\u00e9ologique Aude \u00c9critures aram\u00e9ennes Christianisme primitif Premiers chr\u00e9tiens en Gaule Myst\u00e8res du christianisme Arch\u00e9ologie spirituelle Rennes-le-Ch\u00e2teau\" \/>\n<meta property=\"og:url\" content=\"https:\/\/mystere-histoire.fr\/?page_id=476\" \/>\n<meta property=\"og:site_name\" content=\"Les Myst\u00e8res de l&#039;Histoire\" \/>\n<meta property=\"article:modified_time\" content=\"2025-11-07T13:15:53+00:00\" \/>\n<meta property=\"og:image\" content=\"https:\/\/mystere-histoire.fr\/wp-content\/uploads\/2025\/11\/DSC7149-scaled.jpg\" \/>\n\t<meta property=\"og:image:width\" content=\"2560\" \/>\n\t<meta property=\"og:image:height\" content=\"1707\" \/>\n\t<meta property=\"og:image:type\" content=\"image\/jpeg\" \/>\n<meta name=\"twitter:card\" content=\"summary_large_image\" \/>\n<meta name=\"twitter:label1\" content=\"Dur\u00e9e de lecture estim\u00e9e\" \/>\n\t<meta name=\"twitter:data1\" content=\"7 minutes\" \/>\n<script type=\"application\/ld+json\" class=\"yoast-schema-graph\">{\"@context\":\"https:\/\/schema.org\",\"@graph\":[{\"@type\":\"WebPage\",\"@id\":\"https:\/\/mystere-histoire.fr\/?page_id=476\",\"url\":\"https:\/\/mystere-histoire.fr\/?page_id=476\",\"name\":\"Roubichoux et les protochr\u00e9tiens - Les Myst\u00e8res de l&#039;Histoire\",\"isPartOf\":{\"@id\":\"https:\/\/mystere-histoire.fr\/#website\"},\"primaryImageOfPage\":{\"@id\":\"https:\/\/mystere-histoire.fr\/?page_id=476#primaryimage\"},\"image\":{\"@id\":\"https:\/\/mystere-histoire.fr\/?page_id=476#primaryimage\"},\"thumbnailUrl\":\"https:\/\/mystere-histoire.fr\/wp-content\/uploads\/2025\/11\/DSC7149-1024x683.jpg\",\"datePublished\":\"2022-10-11T16:00:00+00:00\",\"dateModified\":\"2025-11-07T13:15:53+00:00\",\"description\":\"Roubichoux Protochr\u00e9tiens Chapelle Saint-Andr\u00e9 Roubichoux D\u00e9couverte arch\u00e9ologique Aude \u00c9critures aram\u00e9ennes Christianisme primitif Premiers chr\u00e9tiens en Gaule Myst\u00e8res du christianisme Arch\u00e9ologie spirituelle Rennes-le-Ch\u00e2teau\",\"breadcrumb\":{\"@id\":\"https:\/\/mystere-histoire.fr\/?page_id=476#breadcrumb\"},\"inLanguage\":\"fr-FR\",\"potentialAction\":[{\"@type\":\"ReadAction\",\"target\":[\"https:\/\/mystere-histoire.fr\/?page_id=476\"]}]},{\"@type\":\"ImageObject\",\"inLanguage\":\"fr-FR\",\"@id\":\"https:\/\/mystere-histoire.fr\/?page_id=476#primaryimage\",\"url\":\"https:\/\/mystere-histoire.fr\/wp-content\/uploads\/2025\/11\/DSC7149-scaled.jpg\",\"contentUrl\":\"https:\/\/mystere-histoire.fr\/wp-content\/uploads\/2025\/11\/DSC7149-scaled.jpg\",\"width\":2560,\"height\":1707},{\"@type\":\"BreadcrumbList\",\"@id\":\"https:\/\/mystere-histoire.fr\/?page_id=476#breadcrumb\",\"itemListElement\":[{\"@type\":\"ListItem\",\"position\":1,\"name\":\"Accueil\",\"item\":\"https:\/\/mystere-histoire.fr\/\"},{\"@type\":\"ListItem\",\"position\":2,\"name\":\"Les Myst\u00e8res Fran\u00e7ais\",\"item\":\"https:\/\/mystere-histoire.fr\/?page_id=600\"},{\"@type\":\"ListItem\",\"position\":3,\"name\":\"Roubichoux et les protochr\u00e9tiens\"}]},{\"@type\":\"WebSite\",\"@id\":\"https:\/\/mystere-histoire.fr\/#website\",\"url\":\"https:\/\/mystere-histoire.fr\/\",\"name\":\"Les Myst\u00e8res de l&#039;Histoire\",\"description\":\"Un voyage dans les myst\u00e8res que nous cache l&#039;Histoire\",\"potentialAction\":[{\"@type\":\"SearchAction\",\"target\":{\"@type\":\"EntryPoint\",\"urlTemplate\":\"https:\/\/mystere-histoire.fr\/?s={search_term_string}\"},\"query-input\":{\"@type\":\"PropertyValueSpecification\",\"valueRequired\":true,\"valueName\":\"search_term_string\"}}],\"inLanguage\":\"fr-FR\"}]}<\/script>\n<!-- \/ Yoast SEO plugin. -->","yoast_head_json":{"title":"Roubichoux et les protochr\u00e9tiens - Les Myst\u00e8res de l&#039;Histoire","description":"Roubichoux Protochr\u00e9tiens Chapelle Saint-Andr\u00e9 Roubichoux D\u00e9couverte arch\u00e9ologique Aude \u00c9critures aram\u00e9ennes Christianisme primitif Premiers chr\u00e9tiens en Gaule Myst\u00e8res du christianisme Arch\u00e9ologie spirituelle Rennes-le-Ch\u00e2teau","robots":{"index":"index","follow":"follow","max-snippet":"max-snippet:-1","max-image-preview":"max-image-preview:large","max-video-preview":"max-video-preview:-1"},"canonical":"https:\/\/mystere-histoire.fr\/?page_id=476","og_locale":"fr_FR","og_type":"article","og_title":"Roubichoux et les protochr\u00e9tiens - Les Myst\u00e8res de l&#039;Histoire","og_description":"Roubichoux Protochr\u00e9tiens Chapelle Saint-Andr\u00e9 Roubichoux D\u00e9couverte arch\u00e9ologique Aude \u00c9critures aram\u00e9ennes Christianisme primitif Premiers chr\u00e9tiens en Gaule Myst\u00e8res du christianisme Arch\u00e9ologie spirituelle Rennes-le-Ch\u00e2teau","og_url":"https:\/\/mystere-histoire.fr\/?page_id=476","og_site_name":"Les Myst\u00e8res de l&#039;Histoire","article_modified_time":"2025-11-07T13:15:53+00:00","og_image":[{"width":2560,"height":1707,"url":"https:\/\/mystere-histoire.fr\/wp-content\/uploads\/2025\/11\/DSC7149-scaled.jpg","type":"image\/jpeg"}],"twitter_card":"summary_large_image","twitter_misc":{"Dur\u00e9e de lecture estim\u00e9e":"7 minutes"},"schema":{"@context":"https:\/\/schema.org","@graph":[{"@type":"WebPage","@id":"https:\/\/mystere-histoire.fr\/?page_id=476","url":"https:\/\/mystere-histoire.fr\/?page_id=476","name":"Roubichoux et les protochr\u00e9tiens - Les Myst\u00e8res de l&#039;Histoire","isPartOf":{"@id":"https:\/\/mystere-histoire.fr\/#website"},"primaryImageOfPage":{"@id":"https:\/\/mystere-histoire.fr\/?page_id=476#primaryimage"},"image":{"@id":"https:\/\/mystere-histoire.fr\/?page_id=476#primaryimage"},"thumbnailUrl":"https:\/\/mystere-histoire.fr\/wp-content\/uploads\/2025\/11\/DSC7149-1024x683.jpg","datePublished":"2022-10-11T16:00:00+00:00","dateModified":"2025-11-07T13:15:53+00:00","description":"Roubichoux Protochr\u00e9tiens Chapelle Saint-Andr\u00e9 Roubichoux D\u00e9couverte arch\u00e9ologique Aude \u00c9critures aram\u00e9ennes Christianisme primitif Premiers chr\u00e9tiens en Gaule Myst\u00e8res du christianisme Arch\u00e9ologie spirituelle Rennes-le-Ch\u00e2teau","breadcrumb":{"@id":"https:\/\/mystere-histoire.fr\/?page_id=476#breadcrumb"},"inLanguage":"fr-FR","potentialAction":[{"@type":"ReadAction","target":["https:\/\/mystere-histoire.fr\/?page_id=476"]}]},{"@type":"ImageObject","inLanguage":"fr-FR","@id":"https:\/\/mystere-histoire.fr\/?page_id=476#primaryimage","url":"https:\/\/mystere-histoire.fr\/wp-content\/uploads\/2025\/11\/DSC7149-scaled.jpg","contentUrl":"https:\/\/mystere-histoire.fr\/wp-content\/uploads\/2025\/11\/DSC7149-scaled.jpg","width":2560,"height":1707},{"@type":"BreadcrumbList","@id":"https:\/\/mystere-histoire.fr\/?page_id=476#breadcrumb","itemListElement":[{"@type":"ListItem","position":1,"name":"Accueil","item":"https:\/\/mystere-histoire.fr\/"},{"@type":"ListItem","position":2,"name":"Les Myst\u00e8res Fran\u00e7ais","item":"https:\/\/mystere-histoire.fr\/?page_id=600"},{"@type":"ListItem","position":3,"name":"Roubichoux et les protochr\u00e9tiens"}]},{"@type":"WebSite","@id":"https:\/\/mystere-histoire.fr\/#website","url":"https:\/\/mystere-histoire.fr\/","name":"Les Myst\u00e8res de l&#039;Histoire","description":"Un voyage dans les myst\u00e8res que nous cache l&#039;Histoire","potentialAction":[{"@type":"SearchAction","target":{"@type":"EntryPoint","urlTemplate":"https:\/\/mystere-histoire.fr\/?s={search_term_string}"},"query-input":{"@type":"PropertyValueSpecification","valueRequired":true,"valueName":"search_term_string"}}],"inLanguage":"fr-FR"}]}},"jetpack_sharing_enabled":true,"jetpack_shortlink":"https:\/\/wp.me\/PaQ3Ss-7G","jetpack_likes_enabled":false,"_links":{"self":[{"href":"https:\/\/mystere-histoire.fr\/index.php?rest_route=\/wp\/v2\/pages\/476","targetHints":{"allow":["GET"]}}],"collection":[{"href":"https:\/\/mystere-histoire.fr\/index.php?rest_route=\/wp\/v2\/pages"}],"about":[{"href":"https:\/\/mystere-histoire.fr\/index.php?rest_route=\/wp\/v2\/types\/page"}],"author":[{"embeddable":true,"href":"https:\/\/mystere-histoire.fr\/index.php?rest_route=\/wp\/v2\/users\/1"}],"replies":[{"embeddable":true,"href":"https:\/\/mystere-histoire.fr\/index.php?rest_route=%2Fwp%2Fv2%2Fcomments&post=476"}],"version-history":[{"count":13,"href":"https:\/\/mystere-histoire.fr\/index.php?rest_route=\/wp\/v2\/pages\/476\/revisions"}],"predecessor-version":[{"id":1244,"href":"https:\/\/mystere-histoire.fr\/index.php?rest_route=\/wp\/v2\/pages\/476\/revisions\/1244"}],"up":[{"embeddable":true,"href":"https:\/\/mystere-histoire.fr\/index.php?rest_route=\/wp\/v2\/pages\/600"}],"wp:attachment":[{"href":"https:\/\/mystere-histoire.fr\/index.php?rest_route=%2Fwp%2Fv2%2Fmedia&parent=476"}],"curies":[{"name":"wp","href":"https:\/\/api.w.org\/{rel}","templated":true}]}}